{"id":2877,"date":"2022-10-22T12:28:15","date_gmt":"2022-10-22T10:28:15","guid":{"rendered":"https:\/\/forstafjallvandringen.se\/vindelfjallen\/"},"modified":"2023-05-04T23:24:25","modified_gmt":"2023-05-04T21:24:25","slug":"vindelfjallen","status":"publish","type":"page","link":"https:\/\/forstafjallvandringen.se\/de\/vindelfjallen\/","title":{"rendered":"Vindelfj\u00e4llen"},"content":{"rendered":"\n<p>Ein unglaublich sch\u00f6nes Gebiet zum Bergwandern, wo der Fernwanderweg Kungsleden von Hemavan nach Ammarn\u00e4s f\u00fchrt. Eine Wanderung \u00fcber ca. 80&nbsp;km mit \u00dcbernachtung in f\u00fcnf H\u00fctten. Wenn Sie eine \u00dcbernachtungsh\u00fctte nur mal ausprobieren m\u00f6chten, wandern Sie 11&nbsp;km zur H\u00fctte STF Viterskalstugan. Mit Hemavan als Ausgangspunkt k\u00f6nnen Sie Ihre Bergwanderungen variieren. Hier gibt es sch\u00f6ne Tagestouren in T\u00e4lern wie Kob\u00e5set und entlang Mothserejokha. Auf Tagestouren erreichen Sie auch viele Gipfel, der n\u00e4chstgelegene ist der Storkittelhobben auf 1.135&nbsp;m \u00fcber dem Meeresspiegel. Mehrere h\u00f6here Gipfel liegen in Reichweite. In diesem Gebiet gibt es nicht so viele markierte Wege, die Orientierung f\u00e4llt aber leicht.<\/p>\n\n\n\n<p>In Ammarn\u00e4s kann man mehrere Bergwanderungen auf markierten Wegen machen, z.\u00a0B. eine Rundwanderung mit Start auf dem Kungsleden \u00fcber N\u00e4sberget und zur\u00fcck hinunter Richtung Tjultr\u00e4sk. Von Ammarn\u00e4s f\u00fchrt der Kungsleden weiter nach Norden. <\/p>\n\n\n\n<p>Wir haben ein paar Tages- und \u00dcbernachtungstouren zusammengestellt, die wir f\u00fcr Ihre erste Bergwanderung empfehlen k\u00f6nnen.<\/p>\n\n\n\n<div style=\"height:16px\" aria-hidden=\"true\" id=\"dagsturer\" class=\"wp-block-spacer\"><\/div>\n\n\n\n<div class=\"wp-block-group alignfull has-snow-color has-forest-background-color has-text-color has-background\"><div class=\"wp-block-group__inner-container is-layout-constrained wp-block-group-is-layout-constrained\">\n<h2 class=\"wp-block-heading\"><br><strong><strong>Tagestour Fj\u00e4llfinak\u00e5tan und Kob\u00e5set<\/strong> <strong>9\u00a0km hin und zur\u00fcck<\/strong><\/strong><\/h2>\n\n\n\n<p>Eine perfekte Tagestour f\u00fcr Familien mit Kindern. Beginnen Sie mit der Wanderung auf dem Weg Kob\u00e5stigen beim Naturkundezentrum Naturum in Hemavan und folgen Sie der blauen Farbmarkierung, um anschlie\u00dfend zur Holzkote Fj\u00e4llfinak\u00e5tan hinunterzugehen, einem perfekten Platz f\u00fcr Brotzeit und Rast. In der Kote gibt es einen Kamin und davor eine Feuerstelle. Der Hinweg ist 2,2\u00a0km lang. Wer will, kann dann dem Weg an der Kote vorbei weiter folgen, \u00fcber K\u00e5tahobben und weiter hinein nach Kob\u00e5set.<\/p>\n\n\n\n<p><strong>L\u00e4nge der Tour<\/strong><br>9 km hin und zur\u00fcck<\/p>\n\n\n\n<p><strong><strong>Unterkunft vor und nach der Wanderung<\/strong><\/strong><br>Bergstation STF Fj\u00e4llstation Hemavan und Hotel STF Hemavans Fj\u00e4llcenter<\/p>\n\n\n\n<p><\/p>\n<\/div><\/div>\n\n\n\n<div class=\"wp-block-group alignfull has-snow-color has-forest-background-color has-text-color has-background\"><div class=\"wp-block-group__inner-container is-layout-constrained wp-block-group-is-layout-constrained\">\n<h2 class=\"wp-block-heading\"><br><strong>Hemavan \u2013 Ammarn\u00e4s<\/strong> 78 km<\/h2>\n\n\n\n<p>Hier f\u00fchrt der s\u00fcdlichste Teil des Kungsleden auf einer sch\u00f6nen Strecke durch das Naturschutzgebiet Vindelfj\u00e4llen, das eines der gr\u00f6\u00dften Schutzgebiete Europas ist. Bergheiden, hohe Gipfel, \u00fcppige Bergbirkenw\u00e4lder, Feuchtgebiete und gro\u00dfe Seensysteme machen den Charakter des Gebiets aus. Meilenweite Ausblicke mischen sich mit T\u00e4lern, die von steilen Abh\u00e4ngen und hohen Gipfeln umgeben sind. \u00dcber den dramatischen Pass Systerpasset ragen auf beiden Seiten hohe Gipfel. Die Inselchen im See T\u00e4rnasj\u00f6n sind durch lange Br\u00fccken verbunden. Der schwedische Tourismusverband STF unterh\u00e4lt entlang dieses Teils des Kungsleden f\u00fcnf Bergh\u00fctten. Im gesamten Gebiet wird Rentierzucht betrieben, worauf R\u00fccksicht genommen werden muss.<\/p>\n\n\n\n<p><strong><strong>L\u00e4nge der Tour<\/strong><\/strong><br>78\u00a0km \u2013 6\u00a0Tage. L\u00e4ngste Etappe: 19\u00a0km<\/p>\n\n\n\n<ul class=\"wp-block-list\">\n<li><strong><strong>Etappe<\/strong> 1:\u00a0<\/strong>Hemavan-Viterskalet (10 km)<\/li>\n\n\n\n<li><strong><strong>Etappe<\/strong> 2:<\/strong>\u00a0Viterskalet-Syter (12 km)<\/li>\n\n\n\n<li><strong><strong>Etappe<\/strong> 3:<\/strong>\u00a0Syter-T\u00e4rnasj\u00f6 (14 km)<\/li>\n\n\n\n<li><strong><strong>Etappe<\/strong> 4:<\/strong>\u00a0T\u00e4rnasj\u00f6-Serve (14 km)<\/li>\n\n\n\n<li><strong><strong>Etappe<\/strong> 5:<\/strong>\u00a0Serve-Aigert (20 km)<\/li>\n\n\n\n<li><strong><strong>Etappe<\/strong> 6:<\/strong>\u00a0Aigert-Ammarn\u00e4s (8 km)<\/li>\n<\/ul>\n\n\n\n<p><strong><strong>Unterkunft vor und w\u00e4hrend der Wanderung<\/strong><\/strong><br>Bergstation STF Fj\u00e4llstation Hemavan, Hotel STF Hemavans Fj\u00e4llcenter, Wirtshaus STF Ammarn\u00e4s W\u00e4rdshus und Berghotel und Jugendherberge Ammarn\u00e4sg\u00e5rden Fj\u00e4llhotell &amp; Vandrarhem<\/p>\n\n\n\n<p><strong>Unterkunft w\u00e4hrend der Wanderung<\/strong><br>STF Viterskalet, STF Syter, STF T\u00e4rnasj\u00f6, STF Serve und STF Aigert.<\/p>\n\n\n\n<p><strong><strong>Gesch\u00e4fte w\u00e4hrend der Wanderung<\/strong><\/strong><br>STF Viterskalet, STF T\u00e4rnasj\u00f6 und STF Aigert<\/p>\n\n\n\n<p><strong>Karte <\/strong><br>Vermessungsamt (Lantm\u00e4teriet) zum Ausdrucken<br>Ammarn\u00e4s &#8211; Hemavan\u00a0 Calazo 1:50 000<br>Vindelfj\u00e4llen Calazo 1:100 000<br>Ammarn\u00e4s Hemavan Lill- Bj\u00f6rkvattnet Norstedts 1:75 000 <br>Apps: Fj\u00e4llkartan &#8211; Naturkartan &#8211; Min Karta<\/p>\n\n\n\n<p><strong><strong>Anreise<\/strong><\/strong><br>Nach Hemavan gibt es Busse von Ume\u00e5 aus \u00fcber Storuman. Dorthin kommen Sie per Zug mit der Inlandsbanan. Einen Direktflug nach Hemavan gibt es von Stockholm aus. Von Ammarn\u00e4s mit dem Bus nach V\u00e4nn\u00e4s, von da aus weiter mit dem Zug. Hemavan ist ca. 850\u00a0km von Stockholm entfernt, von Ume\u00e5 aus sind es 360\u00a0km<em>.<\/em><\/p>\n\n\n\n<p><\/p>\n<\/div><\/div>\n\n\n\n<div style=\"height:16px\" aria-hidden=\"true\" id=\"overnattningsturer\" class=\"wp-block-spacer\"><\/div>\n\n\n\n<div class=\"wp-block-group alignfull has-snow-color has-forest-background-color has-text-color has-background\"><div class=\"wp-block-group__inner-container is-layout-constrained wp-block-group-is-layout-constrained\">\n<h2 class=\"wp-block-heading\"><br><strong><strong>Hemavan \u2013 Viterskalstugan 22\u00a0km hin und zur\u00fcck<\/strong><\/strong><\/h2>\n\n\n\n<p>Sie beginnen Ihre Wanderung auf dem Kungsleden in Hemavan. Bis Viterskalet sind es 11\u00a0km, aber Sie k\u00f6nnen in Hemavan auch die Seilbahn bis \u00fcber die Baumgrenze nehmen, dann bleiben noch 8\u00a0km. Wenn Sie beim Naturkundezentrum Naturum starten und wandern, anstatt die Seilbahn zu nehmen, geht es einige Kilometer durch den Bergbirkenwald, bevor Sie die Baumgrenze hinter sich lassen. Der Weg f\u00fchrt zum Tal V\u00e4stra Syterb\u00e4cken, wo Sie dann zwischen dem Bach und den langen Ausl\u00e4ufern des Bergs S\u00f6dra Sytertoppen wandern. Wenn Sie angekommen sind, sollten Sie unbedingt noch 15\u00a0Minuten weiter nach Norden gehen, bis Sie Blick auf das wundersch\u00f6ne Tal Syterskalet haben. Hier wird Rentierzucht betrieben, worauf Wanderer R\u00fccksicht nehmen m\u00fcssen!<\/p>\n\n\n\n<p><strong>L\u00e4nge der Tour<\/strong><br>22\u00a0km\u00a0\u2013 2\u00a0Tage (Wenn Sie die Seilbahn nehmen, wird die Tour 3\u00a0km k\u00fcrzer.)<\/p>\n\n\n\n<p><strong><strong>Unterkunft vor und nach der Wanderung<\/strong><\/strong><br>Bergstation STF Fj\u00e4llstation Hemavan und Hotel STF Hemavans Fj\u00e4llcenter<\/p>\n\n\n\n<p><strong>Unterkunft w\u00e4hrend der Wanderung<\/strong><br>Bergh\u00fctte STF Viterskalet Fj\u00e4llstuga<br><br><strong>Gesch\u00e4fte w\u00e4hrend der Wanderung<\/strong><br>Bergh\u00fctte STF Viterskalet Fj\u00e4llstuga<\/p>\n\n\n\n<p><strong>Karte <\/strong><br>Vermessungsamt (Lantm\u00e4teriet) zum Ausdrucken<br>Ammarn\u00e4s &#8211; Hemavan\u00a0 Calazo 1:50 000<br>Vindelfj\u00e4llen Calazo 1:100 000<br>Ammarn\u00e4s Hemavan Lill- Bj\u00f6rkvattnet Norstedts 1:75 000 <br>Apps: Fj\u00e4llkartan &#8211; Naturkartan &#8211; Min Karta<\/p>\n\n\n\n<p><strong><strong>Anreise<\/strong><\/strong><br>Nach Hemavan gibt es Busse von Ume\u00e5 aus \u00fcber Storuman. Dorthin kommen Sie per Zug mit der Inlandsbanan. Einen Direktflug nach Hemavan gibt es von Stockholm aus. Von Ammarn\u00e4s mit dem Bus nach V\u00e4nn\u00e4s, von da aus weiter mit dem Zug. Hemavan ist ca. 850\u00a0km von Stockholm entfernt, von Ume\u00e5 aus sind es 360\u00a0km<em>.<\/em><\/p>\n\n\n\n<p><\/p>\n<\/div><\/div>\n","protected":false},"excerpt":{"rendered":"<p>Ein unglaublich sch\u00f6nes Gebiet zum Bergwandern, wo der Fernwanderweg Kungsleden von Hemavan nach Ammarn\u00e4s f\u00fchrt. Eine Wanderung \u00fcber ca. 80&nbsp;km mit \u00dcbernachtung in f\u00fcnf H\u00fctten. Wenn Sie eine \u00dcbernachtungsh\u00fctte nur mal ausprobieren m\u00f6chten, wandern Sie 11&nbsp;km zur H\u00fctte STF Viterskalstugan. Mit Hemavan als Ausgangspunkt k\u00f6nnen Sie Ihre Bergwanderungen variieren. Hier gibt es sch\u00f6ne Tagestouren in [&hellip;]<\/p>\n","protected":false},"author":1,"featured_media":0,"parent":0,"menu_order":0,"comment_status":"closed","ping_status":"closed","template":"","meta":{"inline_featured_image":false,"footnotes":""},"class_list":["post-2877","page","type-page","status-publish","hentry"],"acf":[],"aioseo_notices":[],"_links":{"self":[{"href":"https:\/\/forstafjallvandringen.se\/de\/wp-json\/wp\/v2\/pages\/2877","targetHints":{"allow":["GET"]}}],"collection":[{"href":"https:\/\/forstafjallvandringen.se\/de\/wp-json\/wp\/v2\/pages"}],"about":[{"href":"https:\/\/forstafjallvandringen.se\/de\/wp-json\/wp\/v2\/types\/page"}],"author":[{"embeddable":true,"href":"https:\/\/forstafjallvandringen.se\/de\/wp-json\/wp\/v2\/users\/1"}],"replies":[{"embeddable":true,"href":"https:\/\/forstafjallvandringen.se\/de\/wp-json\/wp\/v2\/comments?post=2877"}],"version-history":[{"count":2,"href":"https:\/\/forstafjallvandringen.se\/de\/wp-json\/wp\/v2\/pages\/2877\/revisions"}],"predecessor-version":[{"id":2879,"href":"https:\/\/forstafjallvandringen.se\/de\/wp-json\/wp\/v2\/pages\/2877\/revisions\/2879"}],"wp:attachment":[{"href":"https:\/\/forstafjallvandringen.se\/de\/wp-json\/wp\/v2\/media?parent=2877"}],"curies":[{"name":"wp","href":"https:\/\/api.w.org\/{rel}","templated":true}]}}