{"id":2852,"date":"2023-01-30T22:48:54","date_gmt":"2023-01-30T21:48:54","guid":{"rendered":"https:\/\/forstafjallvandringen.se\/om-oss\/"},"modified":"2023-05-04T22:48:18","modified_gmt":"2023-05-04T20:48:18","slug":"uber-uns","status":"publish","type":"page","link":"https:\/\/forstafjallvandringen.se\/de\/uber-uns\/","title":{"rendered":"\u00dcber uns"},"content":{"rendered":"\n<p>Der Hintergrund der Initiative \u201eDie erste Bergwanderung\u201c ist die gro\u00dfe Unsicherheit, die viele beim Gedanken ans Bergwandern und an Urlaub in den Bergen \u00fcberkommt. Unser Ziel ist es, erstmaligen Besuchern wohl\u00fcberlegte Ratschl\u00e4ge und Empfehlungen zu geben. Es geht also nicht um das, was Langstreckenwanderer und Sarekbesucher wissen m\u00fcssen. Wir sind dankbar, wenn Sie unsere Ratschl\u00e4ge weiterverbreiten. Sie k\u00f6nnen die Texte gerne in Drucksachen, auf Websites und an anderen Orten verwenden, an denen Ratschl\u00e4ge zum Bergwandern erteilt werden. Geben Sie dabei bitte F\u00f6rsta Fj\u00e4llvandringen.se als Quelle an.<\/p>\n\n\n\n<p>Hinter der Initiative \u201eDie erste Bergwanderung\u201c und der Website stehen Ingemund H\u00e4gg, Camilla Antonsson, Niklas Winbom und Pelle Andersson. Allesamt sehr erfahren im Bergwandern und in der Tourismusbranche. Fr\u00fcher haben wir uns im Rahmen erfolgreicher Initiativen des schwedischen Tourismusverbands f\u00fcr die Hilfe f\u00fcr Erstbesucher engagiert.<\/p>\n\n\n\n<p>Ab Mai 2023 wird die Initiative von Camilla Antonsson und Niklas Winbom betrieben. Wenn Sie mehr wissen m\u00f6chten, k\u00f6nnen Sie sich unter <a href=\"mailto:info@forstafjallvandringen.se\">info@forstafjallvandringen.se<\/a> gern an uns wenden.<\/p>\n","protected":false},"excerpt":{"rendered":"<p>Der Hintergrund der Initiative \u201eDie erste Bergwanderung\u201c ist die gro\u00dfe Unsicherheit, die viele beim Gedanken ans Bergwandern und an Urlaub in den Bergen \u00fcberkommt. Unser Ziel ist es, erstmaligen Besuchern wohl\u00fcberlegte Ratschl\u00e4ge und Empfehlungen zu geben. Es geht also nicht um das, was Langstreckenwanderer und Sarekbesucher wissen m\u00fcssen. Wir sind dankbar, wenn Sie unsere Ratschl\u00e4ge [&hellip;]<\/p>\n","protected":false},"author":1,"featured_media":0,"parent":0,"menu_order":0,"comment_status":"closed","ping_status":"closed","template":"","meta":{"inline_featured_image":false,"footnotes":""},"class_list":["post-2852","page","type-page","status-publish","hentry"],"acf":[],"aioseo_notices":[],"_links":{"self":[{"href":"https:\/\/forstafjallvandringen.se\/de\/wp-json\/wp\/v2\/pages\/2852","targetHints":{"allow":["GET"]}}],"collection":[{"href":"https:\/\/forstafjallvandringen.se\/de\/wp-json\/wp\/v2\/pages"}],"about":[{"href":"https:\/\/forstafjallvandringen.se\/de\/wp-json\/wp\/v2\/types\/page"}],"author":[{"embeddable":true,"href":"https:\/\/forstafjallvandringen.se\/de\/wp-json\/wp\/v2\/users\/1"}],"replies":[{"embeddable":true,"href":"https:\/\/forstafjallvandringen.se\/de\/wp-json\/wp\/v2\/comments?post=2852"}],"version-history":[{"count":1,"href":"https:\/\/forstafjallvandringen.se\/de\/wp-json\/wp\/v2\/pages\/2852\/revisions"}],"predecessor-version":[{"id":2853,"href":"https:\/\/forstafjallvandringen.se\/de\/wp-json\/wp\/v2\/pages\/2852\/revisions\/2853"}],"wp:attachment":[{"href":"https:\/\/forstafjallvandringen.se\/de\/wp-json\/wp\/v2\/media?parent=2852"}],"curies":[{"name":"wp","href":"https:\/\/api.w.org\/{rel}","templated":true}]}}